{"id":371,"date":"2014-10-22T16:58:26","date_gmt":"2014-10-22T14:58:26","guid":{"rendered":"http:\/\/www.calculmentalcoursan.fr\/?page_id=371"},"modified":"2014-12-26T08:47:05","modified_gmt":"2014-12-26T07:47:05","slug":"2011-2012","status":"publish","type":"page","link":"https:\/\/www.calculmentalcoursan.fr\/?page_id=371","title":{"rendered":"2011 &#8211; 2012"},"content":{"rendered":"<p><!--StartFragment --><\/p>\n<p align=\"left\"><big>La Finale<\/big> <big>s&rsquo;est d\u00e9roul\u00e9e le mercredi 4 avril 2012\u00a0\u00e0 la salle des F\u00eates du\u00a0 Palais des Sports, des Arts, et du Travail de la ville de Narbonne, sous la pr\u00e9sidence de M. P. Lamberte, Principal du coll\u00e8ge Les Mailheuls et en pr\u00e9sence de :<\/big><\/p>\n<p><small><big> M. O. Millangue, I.A. \u00a0, DASEN de\u00a0 l&rsquo;Aude, de Chefs d&rsquo;Etablissements, de repr\u00e9sentants des collectivit\u00e9s de rattachement des \u00e9tablissements, de Mme Allet, pr\u00e9sidente de la R\u00e9gionale APMEP (acad\u00e9mie de Montpellier), de M. F. Garcia, repr\u00e9sentant la MGEN, de nombreux professeurs d&rsquo;\u00e9coles et d&rsquo;enseignants de math\u00e9matiques. De nombreux parents ont, \u00e9galement, assit\u00e9 \u00e0 cette manifestation.<\/big><\/small><\/p>\n<p>Pr\u00e8s de 170 \u00e9l\u00e8ves ont compos\u00e9 lors de cette finale durant les 7 minutes de l&rsquo;\u00e9preuve puis, le temps de la correction, ont pu profiter d&rsquo;une collation avant la remise des prix.<\/p>\n<p>Nous remercions pour leur participation :<\/p>\n<p>La ville de Narbonne et la communaut\u00e9 d&rsquo;agglom\u00e9ration, la direction du Palais des Sports, des Arts et du Travail<br \/>\nLe Syndicat Intercommunal de Gestion du Gymnase du Coll\u00e8ge de Coursan<br \/>\nLa D.A.A.C. (Acad\u00e9mie de Montpellier)<br \/>\nL&rsquo;Inspection de Math\u00e9matiques de l&rsquo;Acad\u00e9mie de Montpellier<br \/>\nLes Chefs d&rsquo;Etablissements et enseignants des \u00e9coles &#8211; coll\u00e8ges &#8211; lyc\u00e9es ayant particip\u00e9 \u00e0 cette \u00e9preuve<br \/>\nL&rsquo;A.P.M.E.P. (Association des Professeurs de Math\u00e9matiques de l&rsquo;Enseignement Public)<br \/>\nLes \u00e9ditions A.C.L.<br \/>\nLa MGEN<br \/>\nL&rsquo;agence Narbonne R\u00e9volution de la Banque Populaire du\u00a0Sud (Mme Fraisier-Ruiz)<br \/>\nLa MAIF<br \/>\nActi-City<br \/>\nL&rsquo;Imprimerie Gavanon<br \/>\nL&rsquo;espace de Libert\u00e9<br \/>\nM\u00e9ga C.G.R. Narbonne<br \/>\nLe Mus\u00e9e des Dinosaures (Esp\u00e9raza)<br \/>\nBoulangerie \u00ab\u00a0Au si bel \u00e9pi\u00a0\u00bb (Coursan)<br \/>\nPapeterie Breithaup (Carcassonne)<br \/>\nSuperU (Coursan)<br \/>\nLa D\u00e9p\u00eache du Midi (M. Laffitte), L&rsquo;Ind\u00e9pendant et le Le Midi-Libre (M. De Pablo)<\/p>\n<p>Ainsi que les agents et enseignants ayant \u0153uvr\u00e9 avant, pendant et apr\u00e8s la manifestation.<\/p>\n<h2><span style=\"text-decoration: underline;\">Les participants<\/span>\u00a0:<\/h2>\n<h3>Pr\u00e8s de 4000 \u00e9l\u00e8ves ont particip\u00e9 aux premi\u00e8res s\u00e9lections. 170 qualifi\u00e9s pour la finale<\/h3>\n<p><span style=\"text-decoration: underline;\"><em><strong><span style=\"color: #993366;\">Lyc\u00e9es<\/span><\/strong><\/em><\/span><span style=\"color: #993366;\">\u00a0<span style=\"color: #000000;\">(3)<\/span><span style=\"color: #000000;\"> : Diderot (N) ; Eiffel\u00a0(N) ; Lacroix\u00a0(N)<\/span><\/span><\/p>\n<p><span style=\"color: #0000ff;\"><em><span style=\"text-decoration: underline;\"><strong><span style=\"color: #3366ff;\">C<\/span><span style=\"color: #3366ff;\">oll\u00e8ges<\/span><\/strong><\/span><\/em><\/span><span style=\"color: #0000ff;\"><span style=\"color: #000000;\">\u00a0(11):<\/span> <span style=\"color: #000000;\">Coursan ; L\u00e9zignan- Corbi\u00e8res ; Bastion (Ca) ; Varsovie (Ca) ; Montesquieu (N) ;\u00a0(Segpa) Ferry (N) ; Cit\u00e9 (N) ; V. Hugo (N) ;\u00a0Ch\u00e9nier (Ca) ; \u00a0Grazailles (Ca) ; \u00a0Rieux-Minervois<\/span><\/span><\/p>\n<p><em><strong><span style=\"text-decoration: underline;\"><span style=\"color: #ff0000;\">Ecoles<\/span><\/span><\/strong><\/em>\u00a0(14) : <span style=\"color: #000000;\">Sall\u00e8les d&rsquo;Aude ; Pouzols-Minervois ; Cuxac d&rsquo;Aude ; Armissan ;\u00a0Bizanet ; C\u00e9zelli (N) ; Fleury d&rsquo;Aude ; Chavernac (C) ;\u00a0Bize-Minervois ; Vinassan ; J. Jaur\u00e8s (N) ; Miquel (C) ; Ouveillan ; Marcorignan<\/span><\/p>\n<p>(N : Narbonne) (C : Coursan) (Ca : Carcassonne)<\/p>\n<h2><span style=\"text-decoration: underline;\">Palmar\u00e8s<\/span> :<\/h2>\n<p><a href=\"http:\/\/www.calculmentalcoursan.fr\/wp-content\/uploads\/2014\/10\/palmares_segpa_2012.pdf\" target=\"_blank\">Palmar\u00e8s Segpa 2012<\/a><\/p>\n<p><a href=\"http:\/\/www.calculmentalcoursan.fr\/wp-content\/uploads\/2014\/10\/palmares_cm2_2012.pdf\" target=\"_blank\">Palmar\u00e8s cm2 2012<\/a><\/p>\n<p><a href=\"http:\/\/www.calculmentalcoursan.fr\/wp-content\/uploads\/2014\/10\/palmares_niv6_2012.pdf\" target=\"_blank\">Palmar\u00e8s sixi\u00e8mes 2012<\/a><\/p>\n<p><a href=\"http:\/\/www.calculmentalcoursan.fr\/wp-content\/uploads\/2014\/10\/palmares_niv5_2012.pdf\" target=\"_blank\">Palmar\u00e8s cinqui\u00e8mes 2012<\/a><\/p>\n<p><a href=\"http:\/\/www.calculmentalcoursan.fr\/wp-content\/uploads\/2014\/10\/palmares_niv4_2012.pdf\" target=\"_blank\">Palmar\u00e8s quatri\u00e8mes 2012<\/a><\/p>\n<p><a href=\"http:\/\/www.calculmentalcoursan.fr\/wp-content\/uploads\/2014\/10\/palmares_niv3_2012.pdf\" target=\"_blank\">Palmar\u00e8s troisi\u00e8mes 2012<\/a><\/p>\n<p><a href=\"http:\/\/www.calculmentalcoursan.fr\/wp-content\/uploads\/2014\/10\/palmares_2Pro_2012.pdf\" target=\"_blank\">Palmar\u00e8s 2Pro 2012<\/a><\/p>\n<p><a href=\"http:\/\/www.calculmentalcoursan.fr\/wp-content\/uploads\/2014\/10\/palmares_2Egt_2012.pdf\" target=\"_blank\">Palmar\u00e8s 2Egt 2012<\/a><\/p>\n<h2><span style=\"text-decoration: underline;\">Sujets<\/span> :<\/h2>\n<p><a href=\"http:\/\/www.calculmentalcoursan.fr\/wp-content\/uploads\/2014\/06\/sujets_demifinale121.pdf\">sujets demi-finale 2012<\/a><\/p>\n<p><a href=\"http:\/\/www.calculmentalcoursan.fr\/wp-content\/uploads\/2014\/06\/sujets_finale121.pdf\">sujets finale 2012<\/a><\/p>\n","protected":false},"excerpt":{"rendered":"<p>La Finale s&rsquo;est d\u00e9roul\u00e9e le mercredi 4 avril 2012\u00a0\u00e0 la salle des F\u00eates du\u00a0 Palais des Sports, des Arts, et du Travail de la ville de Narbonne, sous la pr\u00e9sidence de M. P. Lamberte, Principal du coll\u00e8ge Les Mailheuls et &hellip; <a href=\"https:\/\/www.calculmentalcoursan.fr\/?page_id=371\">Continuer la lecture <span class=\"meta-nav\">&rarr;<\/span><\/a><\/p>\n","protected":false},"author":2,"featured_media":0,"parent":16,"menu_order":0,"comment_status":"closed","ping_status":"closed","template":"","meta":[],"_links":{"self":[{"href":"https:\/\/www.calculmentalcoursan.fr\/index.php?rest_route=\/wp\/v2\/pages\/371"}],"collection":[{"href":"https:\/\/www.calculmentalcoursan.fr\/index.php?rest_route=\/wp\/v2\/pages"}],"about":[{"href":"https:\/\/www.calculmentalcoursan.fr\/index.php?rest_route=\/wp\/v2\/types\/page"}],"author":[{"embeddable":true,"href":"https:\/\/www.calculmentalcoursan.fr\/index.php?rest_route=\/wp\/v2\/users\/2"}],"replies":[{"embeddable":true,"href":"https:\/\/www.calculmentalcoursan.fr\/index.php?rest_route=%2Fwp%2Fv2%2Fcomments&post=371"}],"version-history":[{"count":29,"href":"https:\/\/www.calculmentalcoursan.fr\/index.php?rest_route=\/wp\/v2\/pages\/371\/revisions"}],"predecessor-version":[{"id":531,"href":"https:\/\/www.calculmentalcoursan.fr\/index.php?rest_route=\/wp\/v2\/pages\/371\/revisions\/531"}],"up":[{"embeddable":true,"href":"https:\/\/www.calculmentalcoursan.fr\/index.php?rest_route=\/wp\/v2\/pages\/16"}],"wp:attachment":[{"href":"https:\/\/www.calculmentalcoursan.fr\/index.php?rest_route=%2Fwp%2Fv2%2Fmedia&parent=371"}],"curies":[{"name":"wp","href":"https:\/\/api.w.org\/{rel}","templated":true}]}}