{"id":720,"date":"2017-04-13T16:26:56","date_gmt":"2017-04-13T14:26:56","guid":{"rendered":"http:\/\/www.calculmentalcoursan.fr\/?page_id=720"},"modified":"2017-04-14T00:01:12","modified_gmt":"2017-04-13T22:01:12","slug":"concours-2015","status":"publish","type":"page","link":"https:\/\/www.calculmentalcoursan.fr\/?page_id=720","title":{"rendered":"2014 &#8211; 2015"},"content":{"rendered":"<p>Ce mercredi 1<sup>er<\/sup> avril 2015 s&rsquo;est d\u00e9roul\u00e9e la finale de la 7\u00e8me \u00e9dition du concours de calcul mental rapide et r\u00e9fl\u00e9chi \u00ab\u00a0Jeux de nombres en 7&rsquo;timanie\u00a0\u00bb.<\/p>\n<p>175 \u00e9l\u00e8ves de 9 \u00e0 16 ans, repr\u00e9sentant 16 \u00e9coles primaires, 12 coll\u00e8ges et 2 lyc\u00e9es, de l&rsquo;Aude mais aussi de l&rsquo;H\u00e9rault, se sont affront\u00e9s durant 7 minutes et ont d\u00fb r\u00e9soudre de 24 \u00e0 32 calculs, \u00ab\u00a0gentiment\u00a0\u00bb pr\u00e9par\u00e9s par les organisateurs du coll\u00e8ge \u00ab\u00a0Les Mailheuls\u00a0\u00bb de Coursan.<\/p>\n<p>Suite \u00e0 l&rsquo;\u00e9preuve, pendant que les participants profitaient de la collation, en grande partie offerte par une boulangerie coursannaise, les nombreux enseignants pr\u00e9sents se sont relay\u00e9s pour corriger et traiter les r\u00e9sultats dans les plus brefs d\u00e9lais.<\/p>\n<p>Puis vint le temps de la remise des prix tant attendus. Apr\u00e8s les remerciements d&rsquo;usage, Mme Fran\u00e7ois-Gallin, DASEN du d\u00e9partement de l&rsquo;Aude, qui nous a fait l&rsquo;honneur de pr\u00e9sider cette manifestation, M. Lamberte, Principal du coll\u00e8ge \u00ab\u00a0Les Mailheuls\u00a0\u00bb, Mme Hadji, Principale-Adjoint, ainsi que M. Alvarez, adjoint \u00e0 l&rsquo;enseignement de la mairie de Narbonne, Mme Saouli-Suchail et M Chartreux, Adjoints au maire de Coursan, Mme Cortella, Directrice de l&rsquo;Institut de Recherche pour l&rsquo;Enseignement des Math\u00e9matiques de Montpellier, ont pu remettre sur la sc\u00e8ne du Palais des Sports des Arts et du Travail, les r\u00e9compenses r\u00e9serv\u00e9es aux meilleurs des participants. Il est \u00e0 noter que tous les finalistes se sont vus attribuer plusieurs lots.<\/p>\n<p>D\u00e9but\u00e9 vers 17 h, le concours s&rsquo;est achev\u00e9 un peu moins de 2 heures plus tard. Le rendez-vous est pris pour la 8\u00e8me \u00e9dition, en 2016\u00a0!<\/p>\n<p>Les \u00e9tablissements ayant particip\u00e9 :<\/p>\n<p><span style=\"color: #000000;\">Ecole Chavernac (Coursan) -Ecole A. Signoles (Salles d&rsquo;Aude) &#8211; Ecole de Pouzols-Minervois &#8211; Ecole J. Jaur\u00e8s (Narbonne) &#8211; Ecole J. Mac\u00e9 (Narbonne) &#8211; Coll\u00e8ge J. Anglade\u00a0(L\u00e9zignan-Corbi\u00e8res) &#8211; \u00a0(Coll\u00e8ge de Coursan ?) &#8211; Ecole de Vinassan &#8211; Ecole de Bizanet &#8211; Coll\u00e8ge Varsovie (Carcassonne) &#8211; Ecole Lakanal (Narbonne) &#8211; Ecole de Marcorignan &#8211; Lyc\u00e9e Lacroix (Narbonne) &#8211; Ecole A. Malraux (Fleury d&rsquo;Aude) &#8211; Ecole d&rsquo;Ouveillan &#8211; Ecole d&rsquo;Armissan &#8211; Ecole de Bize-Minervois &#8211; Ecole de StMarcel &#8211; Coll\u00e8ge le Bastion (Carcassonne) &#8211; Coll\u00e8ge J. Ferry Segpa (Narbonne) &#8211; Lyc\u00e9e Diderot (Narbonne) &#8211; Ecole J.Miquel (Coursan) &#8211; Coll\u00e8ge M. Albert (St Nazaire d&rsquo;Aude) &#8211; Coll\u00e8ge V. Hugo (Narbonne) (dont Segpa) &#8211; Coll\u00e8ge P&amp;M Curie (Rieux-Minervois) &#8211; Coll\u00e8ge Montesquieu (Narbonne) &#8211; Ecole L. Ich\u00e9 (Sall\u00e8les d&rsquo;Aude)- Coll\u00e8ge Grazailles (Carcassonne) &#8211; Coll\u00e8ge Cit\u00e9 (Narbonne) &#8211; Coll\u00e8ge Cahuzac (Quarante 34)<\/span><\/p>\n<p><a href=\"http:\/\/www.calculmentalcoursan.fr\/wp-content\/uploads\/2016\/02\/sujets_finale15.pdf\">sujets_finale15<\/a><\/p>\n<p><a href=\"http:\/\/www.calculmentalcoursan.fr\/wp-content\/uploads\/2016\/02\/sujets_demifinale15.pdf\">sujets demifinale 2015<\/a><\/p>\n<p><a href=\"http:\/\/www.calculmentalcoursan.fr\/wp-content\/uploads\/2015\/04\/Palmares2015.pdf\">Palmar\u00e8s 2015<\/a><\/p>\n","protected":false},"excerpt":{"rendered":"<p>Ce mercredi 1er avril 2015 s&rsquo;est d\u00e9roul\u00e9e la finale de la 7\u00e8me \u00e9dition du concours de calcul mental rapide et r\u00e9fl\u00e9chi \u00ab\u00a0Jeux de nombres en 7&rsquo;timanie\u00a0\u00bb. 175 \u00e9l\u00e8ves de 9 \u00e0 16 ans, repr\u00e9sentant 16 \u00e9coles primaires, 12 coll\u00e8ges et &hellip; <a href=\"https:\/\/www.calculmentalcoursan.fr\/?page_id=720\">Continuer la lecture <span class=\"meta-nav\">&rarr;<\/span><\/a><\/p>\n","protected":false},"author":2,"featured_media":0,"parent":16,"menu_order":0,"comment_status":"closed","ping_status":"closed","template":"","meta":[],"_links":{"self":[{"href":"https:\/\/www.calculmentalcoursan.fr\/index.php?rest_route=\/wp\/v2\/pages\/720"}],"collection":[{"href":"https:\/\/www.calculmentalcoursan.fr\/index.php?rest_route=\/wp\/v2\/pages"}],"about":[{"href":"https:\/\/www.calculmentalcoursan.fr\/index.php?rest_route=\/wp\/v2\/types\/page"}],"author":[{"embeddable":true,"href":"https:\/\/www.calculmentalcoursan.fr\/index.php?rest_route=\/wp\/v2\/users\/2"}],"replies":[{"embeddable":true,"href":"https:\/\/www.calculmentalcoursan.fr\/index.php?rest_route=%2Fwp%2Fv2%2Fcomments&post=720"}],"version-history":[{"count":7,"href":"https:\/\/www.calculmentalcoursan.fr\/index.php?rest_route=\/wp\/v2\/pages\/720\/revisions"}],"predecessor-version":[{"id":728,"href":"https:\/\/www.calculmentalcoursan.fr\/index.php?rest_route=\/wp\/v2\/pages\/720\/revisions\/728"}],"up":[{"embeddable":true,"href":"https:\/\/www.calculmentalcoursan.fr\/index.php?rest_route=\/wp\/v2\/pages\/16"}],"wp:attachment":[{"href":"https:\/\/www.calculmentalcoursan.fr\/index.php?rest_route=%2Fwp%2Fv2%2Fmedia&parent=720"}],"curies":[{"name":"wp","href":"https:\/\/api.w.org\/{rel}","templated":true}]}}